{"id":125,"date":"2024-12-23T11:40:31","date_gmt":"2024-12-23T10:40:31","guid":{"rendered":"http:\/\/wordpress.physioadam.com\/?page_id=125"},"modified":"2025-09-06T13:35:13","modified_gmt":"2025-09-06T11:35:13","slug":"ueber-mich","status":"publish","type":"page","link":"https:\/\/physioadam.com\/?page_id=125","title":{"rendered":"\u00dcber mich"},"content":{"rendered":"<div  class='flex_column av-8a6nx-de4ec0aa079289b11ac25f52992d2cde av_two_third  avia-builder-el-0  el_before_av_one_third  avia-builder-el-first  first flex_column_div  '     ><section  class='av_textblock_section av-m50w83px-d11a563b1a8f9d956dc0e42aa2e19714 '   itemscope=\"itemscope\" itemtype=\"https:\/\/schema.org\/CreativeWork\" ><div class='avia_textblock'  itemprop=\"text\" ><p><strong>Stefanie Adam<\/strong><\/p>\n<p>Am 27.11.2015 habe ich die Zulassung als <strong>Heilpraktikerin (beschr\u00e4nkt auf<\/strong><strong> Physiotherapie)<\/strong> erlangt.<\/p>\n<p>Die Berufsbezeichnung<strong> Heilpraktikerin (beschr\u00e4nkt auf Physiotherapie)<\/strong>, \u00a0erteilt durch das zust\u00e4ndige Gesundheitsamt, ist eine zus\u00e4tzliche \u00a0Qualifikation f\u00fcr Physiotherapeuten. So wird es m\u00f6glich Patienten im \u00a0Rahmen der Physiotherapie ohne \u00e4rztliche Verordnung zu behandeln.Ihre <strong>Vorteile <\/strong>als \u00a0Patient: Sie k\u00f6nnen direkt zur Diagnostik und zur Therapie f\u00fcr den \u00a0Fachbereich Physiotherapie in unsere Praxis kommen, sofern ein Leiden \u00a0festgestellt wird, welches mit den Mitteln der Physiotherapie behandelt \u00a0werden kann. So wird eine individuelle auf ihre Symptomatik ausgew\u00e4hlte \u00a0Therapie ohne Zeitverzug m\u00f6glich. Die anfallenden Kosten, \u00fcber die Sie \u00a0in einem Behandlungsvertrag informiert werden, m\u00fcssen Sie selbst tragen.<\/p>\n<p><strong><br \/>\nAusbildung:<br \/>\n<\/strong>Ausbildung zur Physiotherapeutin im Jahre 2000.<\/p>\n<p>Heilpraktikerin (beschr\u00e4nkt auf Physiotherapie) im Jahre 2015.<\/p>\n<p>Seitdem habe ich mir in der Praxis einen gro\u00dfen Erfahrungsschatz in der Behandlung und im Umgang von Patienten zulegen k\u00f6nnen.<\/p>\n<p><strong>Fortbildungen:<\/strong><\/p>\n<ul>\n<li>\n<div>Funktionelle Verbandstechnik\/Tapen<\/div>\n<\/li>\n<\/ul>\n<ul>\n<li>\n<div>Behandlungen von Verletzungen am Fu\u00df<\/div>\n<\/li>\n<\/ul>\n<ul>\n<li>\n<div>Einf\u00fchrung in die craniomandib\u00fcl\u00e4re Dysfunktion<\/div>\n<\/li>\n<\/ul>\n<ul>\n<li>\n<div>Weiterbildung in Manueller Therapie mit Abschluss<\/div>\n<\/li>\n<\/ul>\n<ul>\n<li>\n<div>McKenzie A-Kurs<\/div>\n<\/li>\n<\/ul>\n<ul>\n<li>\n<div>Triggerpunkte<\/div>\n<\/li>\n<\/ul>\n<ul>\n<li>\n<div>Abschluss des DSB-anerkannten Lehrgangs zur Sportphysiotherapie<\/div>\n<\/li>\n<\/ul>\n<ul>\n<li>\n<div>Lymphdrainage- und \u00d6demtherapie nach Askdonk<\/div>\n<\/li>\n<\/ul>\n<ul>\n<li>\n<div>Kiefergelenk Teil 1<\/div>\n<\/li>\n<\/ul>\n<ul>\n<li>\n<div>Kiefergelenk Teil 2<\/div>\n<\/li>\n<\/ul>\n<ul>\n<li>KG Ger\u00e4t am GTS<\/li>\n<\/ul>\n<ul>\n<li>Atlastherapie beschr\u00e4nkt auf Physiotherapie<\/li>\n<\/ul>\n<ul>\n<li>Erlangung der Zulassung Heilpraktikerin f\u00fcr Physiotherapie<\/li>\n<\/ul>\n<div>\n<ul>\n<li>Zertifizierter Drysurf Instructor<\/li>\n<\/ul>\n<\/div>\n<p><strong><br \/>\nReferenzen:<\/strong><\/p>\n<ul>\n<li>\n<div>Betreuung Fussballmannschaft (Herren)<\/div>\n<\/li>\n<\/ul>\n<ul>\n<li>\n<div>Betreuung WFV Fu\u00dfballauswahlmannschaft der M\u00e4dchen<\/div>\n<\/li>\n<\/ul>\n<\/div><\/section><\/div>\n<div  class='flex_column av-e161x-4abd6fb27734b191a9ae76305f880932 av_one_third  avia-builder-el-2  el_after_av_two_third  avia-builder-el-last  flex_column_div  '     ><style type=\"text\/css\" data-created_by=\"avia_inline_auto\" id=\"style-css-av-m50w1j0k-a0d19d3b51e2df588452c0631631b13c\">\n@keyframes av_boxShadowEffect_av-m50w1j0k-a0d19d3b51e2df588452c0631631b13c {\n0%   { box-shadow:  0 0 0 0 ; opacity: 1; }\n100% { box-shadow:  0 0 10px 0 ; opacity: 1; }\n}\n.avia-image-container.av-m50w1j0k-a0d19d3b51e2df588452c0631631b13c img.avia_image{\nbox-shadow: 0 0 10px 0 ;\n}\n.avia-image-container.av-m50w1j0k-a0d19d3b51e2df588452c0631631b13c .av-image-caption-overlay-center{\ncolor:#ffffff;\n}\n<\/style>\n<div  class='avia-image-container av-m50w1j0k-a0d19d3b51e2df588452c0631631b13c av-styling- avia-align-center  avia-builder-el-3  avia-builder-el-no-sibling  av-img-box-shadow av-box-shadow-not-animated'   itemprop=\"image\" itemscope=\"itemscope\" itemtype=\"https:\/\/schema.org\/ImageObject\" ><div class=\"avia-image-container-inner\"><div class=\"avia-image-overlay-wrap\"><img decoding=\"async\" fetchpriority=\"high\" class='wp-image-69 avia-img-lazy-loading-not-69 avia_image shadow-not-animated' src=\"https:\/\/physioadam.com\/wordpress\/wp-content\/uploads\/2024\/09\/IMG_0134-260x300.jpg\" alt='Stefanie Adam' title='IMG_0134'  height=\"300\" width=\"260\"  itemprop=\"thumbnailUrl\" srcset=\"https:\/\/physioadam.com\/wordpress\/wp-content\/uploads\/2024\/09\/IMG_0134-260x300.jpg 260w, https:\/\/physioadam.com\/wordpress\/wp-content\/uploads\/2024\/09\/IMG_0134.jpg 469w\" sizes=\"(max-width: 260px) 100vw, 260px\" \/><\/div><\/div><\/div><\/div>\n","protected":false},"excerpt":{"rendered":"","protected":false},"author":1,"featured_media":0,"parent":0,"menu_order":0,"comment_status":"closed","ping_status":"closed","template":"","meta":{"footnotes":""},"class_list":["post-125","page","type-page","status-publish","hentry"],"yoast_head":"<!-- This site is optimized with the Yoast SEO plugin v27.5 - https:\/\/yoast.com\/product\/yoast-seo-wordpress\/ -->\n<title>\u00dcber mich - physioadam<\/title>\n<meta name=\"description\" content=\"Physiotherapie in Filderstadt-Bonlanden: Verbesserung von Beweglichkeit, Kraft und Ausdauer. Wir unterst\u00fctzen Sie mit ma\u00dfgeschneiderten Behandlungspl\u00e4nen \u2013 jetzt Beratungstermin vereinbaren! %\" \/>\n<meta name=\"robots\" content=\"index, follow, max-snippet:-1, max-image-preview:large, max-video-preview:-1\" \/>\n<link rel=\"canonical\" href=\"https:\/\/physioadam.com\/?page_id=125\" \/>\n<meta property=\"og:locale\" content=\"de_DE\" \/>\n<meta property=\"og:type\" content=\"article\" \/>\n<meta property=\"og:title\" content=\"\u00dcber mich - physioadam\" \/>\n<meta property=\"og:description\" content=\"Physiotherapie in Filderstadt-Bonlanden: Verbesserung von Beweglichkeit, Kraft und Ausdauer. Wir unterst\u00fctzen Sie mit ma\u00dfgeschneiderten Behandlungspl\u00e4nen \u2013 jetzt Beratungstermin vereinbaren! %\" \/>\n<meta property=\"og:url\" content=\"https:\/\/physioadam.com\/?page_id=125\" \/>\n<meta property=\"og:site_name\" content=\"physioadam\" \/>\n<meta property=\"article:modified_time\" content=\"2025-09-06T11:35:13+00:00\" \/>\n<meta name=\"twitter:card\" content=\"summary_large_image\" \/>\n<meta name=\"twitter:label1\" content=\"Gesch\u00e4tzte Lesezeit\" \/>\n\t<meta name=\"twitter:data1\" content=\"2\u00a0Minuten\" \/>\n<script type=\"application\/ld+json\" class=\"yoast-schema-graph\">{\"@context\":\"https:\\\/\\\/schema.org\",\"@graph\":[{\"@type\":\"WebPage\",\"@id\":\"https:\\\/\\\/physioadam.com\\\/?page_id=125\",\"url\":\"https:\\\/\\\/physioadam.com\\\/?page_id=125\",\"name\":\"\u00dcber mich - physioadam\",\"isPartOf\":{\"@id\":\"https:\\\/\\\/physioadam.com\\\/#website\"},\"datePublished\":\"2024-12-23T10:40:31+00:00\",\"dateModified\":\"2025-09-06T11:35:13+00:00\",\"description\":\"Physiotherapie in Filderstadt-Bonlanden: Verbesserung von Beweglichkeit, Kraft und Ausdauer. Wir unterst\u00fctzen Sie mit ma\u00dfgeschneiderten Behandlungspl\u00e4nen \u2013 jetzt Beratungstermin vereinbaren! %\",\"breadcrumb\":{\"@id\":\"https:\\\/\\\/physioadam.com\\\/?page_id=125#breadcrumb\"},\"inLanguage\":\"de\",\"potentialAction\":[{\"@type\":\"ReadAction\",\"target\":[\"https:\\\/\\\/physioadam.com\\\/?page_id=125\"]}]},{\"@type\":\"BreadcrumbList\",\"@id\":\"https:\\\/\\\/physioadam.com\\\/?page_id=125#breadcrumb\",\"itemListElement\":[{\"@type\":\"ListItem\",\"position\":1,\"name\":\"Startseite\",\"item\":\"https:\\\/\\\/physioadam.com\\\/?page_id=32\"},{\"@type\":\"ListItem\",\"position\":2,\"name\":\"\u00dcber mich\"}]},{\"@type\":\"WebSite\",\"@id\":\"https:\\\/\\\/physioadam.com\\\/#website\",\"url\":\"https:\\\/\\\/physioadam.com\\\/\",\"name\":\"physioadam\",\"description\":\"Physiotherapeutische Praxis Filderstadt Bonlanden in der N\u00e4he vom Flughafen Stuttgart\",\"potentialAction\":[{\"@type\":\"SearchAction\",\"target\":{\"@type\":\"EntryPoint\",\"urlTemplate\":\"https:\\\/\\\/physioadam.com\\\/?s={search_term_string}\"},\"query-input\":{\"@type\":\"PropertyValueSpecification\",\"valueRequired\":true,\"valueName\":\"search_term_string\"}}],\"inLanguage\":\"de\"}]}<\/script>\n<!-- \/ Yoast SEO plugin. -->","yoast_head_json":{"title":"\u00dcber mich - physioadam","description":"Physiotherapie in Filderstadt-Bonlanden: Verbesserung von Beweglichkeit, Kraft und Ausdauer. Wir unterst\u00fctzen Sie mit ma\u00dfgeschneiderten Behandlungspl\u00e4nen \u2013 jetzt Beratungstermin vereinbaren! %","robots":{"index":"index","follow":"follow","max-snippet":"max-snippet:-1","max-image-preview":"max-image-preview:large","max-video-preview":"max-video-preview:-1"},"canonical":"https:\/\/physioadam.com\/?page_id=125","og_locale":"de_DE","og_type":"article","og_title":"\u00dcber mich - physioadam","og_description":"Physiotherapie in Filderstadt-Bonlanden: Verbesserung von Beweglichkeit, Kraft und Ausdauer. Wir unterst\u00fctzen Sie mit ma\u00dfgeschneiderten Behandlungspl\u00e4nen \u2013 jetzt Beratungstermin vereinbaren! %","og_url":"https:\/\/physioadam.com\/?page_id=125","og_site_name":"physioadam","article_modified_time":"2025-09-06T11:35:13+00:00","twitter_card":"summary_large_image","twitter_misc":{"Gesch\u00e4tzte Lesezeit":"2\u00a0Minuten"},"schema":{"@context":"https:\/\/schema.org","@graph":[{"@type":"WebPage","@id":"https:\/\/physioadam.com\/?page_id=125","url":"https:\/\/physioadam.com\/?page_id=125","name":"\u00dcber mich - physioadam","isPartOf":{"@id":"https:\/\/physioadam.com\/#website"},"datePublished":"2024-12-23T10:40:31+00:00","dateModified":"2025-09-06T11:35:13+00:00","description":"Physiotherapie in Filderstadt-Bonlanden: Verbesserung von Beweglichkeit, Kraft und Ausdauer. Wir unterst\u00fctzen Sie mit ma\u00dfgeschneiderten Behandlungspl\u00e4nen \u2013 jetzt Beratungstermin vereinbaren! %","breadcrumb":{"@id":"https:\/\/physioadam.com\/?page_id=125#breadcrumb"},"inLanguage":"de","potentialAction":[{"@type":"ReadAction","target":["https:\/\/physioadam.com\/?page_id=125"]}]},{"@type":"BreadcrumbList","@id":"https:\/\/physioadam.com\/?page_id=125#breadcrumb","itemListElement":[{"@type":"ListItem","position":1,"name":"Startseite","item":"https:\/\/physioadam.com\/?page_id=32"},{"@type":"ListItem","position":2,"name":"\u00dcber mich"}]},{"@type":"WebSite","@id":"https:\/\/physioadam.com\/#website","url":"https:\/\/physioadam.com\/","name":"physioadam","description":"Physiotherapeutische Praxis Filderstadt Bonlanden in der N\u00e4he vom Flughafen Stuttgart","potentialAction":[{"@type":"SearchAction","target":{"@type":"EntryPoint","urlTemplate":"https:\/\/physioadam.com\/?s={search_term_string}"},"query-input":{"@type":"PropertyValueSpecification","valueRequired":true,"valueName":"search_term_string"}}],"inLanguage":"de"}]}},"_links":{"self":[{"href":"https:\/\/physioadam.com\/index.php?rest_route=\/wp\/v2\/pages\/125","targetHints":{"allow":["GET"]}}],"collection":[{"href":"https:\/\/physioadam.com\/index.php?rest_route=\/wp\/v2\/pages"}],"about":[{"href":"https:\/\/physioadam.com\/index.php?rest_route=\/wp\/v2\/types\/page"}],"author":[{"embeddable":true,"href":"https:\/\/physioadam.com\/index.php?rest_route=\/wp\/v2\/users\/1"}],"replies":[{"embeddable":true,"href":"https:\/\/physioadam.com\/index.php?rest_route=%2Fwp%2Fv2%2Fcomments&post=125"}],"version-history":[{"count":7,"href":"https:\/\/physioadam.com\/index.php?rest_route=\/wp\/v2\/pages\/125\/revisions"}],"predecessor-version":[{"id":283,"href":"https:\/\/physioadam.com\/index.php?rest_route=\/wp\/v2\/pages\/125\/revisions\/283"}],"wp:attachment":[{"href":"https:\/\/physioadam.com\/index.php?rest_route=%2Fwp%2Fv2%2Fmedia&parent=125"}],"curies":[{"name":"wp","href":"https:\/\/api.w.org\/{rel}","templated":true}]}}